{"id":3408,"date":"2018-11-24T00:37:16","date_gmt":"2018-11-24T00:37:16","guid":{"rendered":"http:\/\/weihnachtsfilmfestival.de\/?page_id=3408"},"modified":"2018-12-30T17:52:22","modified_gmt":"2018-12-30T17:52:22","slug":"moominswinterwonderland","status":"publish","type":"page","link":"https:\/\/weihnachtsfilmfestival.de\/en\/wff2018\/moominswinterwonderland","title":{"rendered":"Muumien taikatalvi \/ Moomins and the Winter Wonderland"},"content":{"rendered":"<div class=\"wpb-content-wrapper\">[vc_row thb_full_width=&#8221;true&#8221; thb_row_padding=&#8221;true&#8221; thb_column_padding=&#8221;true&#8221; thb_color=&#8221;light-title&#8221; thb_divider_position=&#8221;bottom&#8221;][vc_column thb_color=&#8221;thb-light-column&#8221; el_class=&#8221;farbe1&#8243;][vc_column_text]\n<h1 style=\"text-align: center;\">Muumien taikatalvi \/ Moomins and the Winter Wonderland<\/h1>\n[\/vc_column_text][\/vc_column][\/vc_row][vc_row thb_full_width=&#8221;true&#8221; thb_row_padding=&#8221;true&#8221; thb_column_padding=&#8221;true&#8221; thb_color=&#8221;light-title&#8221; thb_divider_position=&#8221;bottom&#8221;][vc_column width=&#8221;1\/3&#8243; offset=&#8221;vc_hidden-xs&#8221;]\t<div id=\"thb-image-69f36717bc2d1\" class=\"caption-style1  alignleft full  thb_image_link wp-caption\">\n\t\t\t<div class=\"thb-image-inner size_100\">\n\t\t\t<img loading=\"lazy\" decoding=\"async\" width=\"1140\" height=\"641\" src=\"https:\/\/weihnachtsfilmfestival.de\/wp-content\/uploads\/2018\/11\/MoominsAndTheWinterWonderland1-1-1140x641.jpg\" class=\"thb_image   thb-ignore-lazyload attachment-large thb-lazyload lazyload\" alt=\"\" title=\"MoominsAndTheWinterWonderland1\" sizes=\"auto, (max-width: 1140px) 100vw, 1140px\" data-src=\"https:\/\/weihnachtsfilmfestival.de\/wp-content\/uploads\/2018\/11\/MoominsAndTheWinterWonderland1-1-1140x641.jpg\" data-sizes=\"auto\" data-srcset=\"https:\/\/weihnachtsfilmfestival.de\/wp-content\/uploads\/2018\/11\/MoominsAndTheWinterWonderland1-1-1140x641.jpg 1140w, https:\/\/weihnachtsfilmfestival.de\/wp-content\/uploads\/2018\/11\/MoominsAndTheWinterWonderland1-1-640x360.jpg 640w, https:\/\/weihnachtsfilmfestival.de\/wp-content\/uploads\/2018\/11\/MoominsAndTheWinterWonderland1-1-20x11.jpg 20w, https:\/\/weihnachtsfilmfestival.de\/wp-content\/uploads\/2018\/11\/MoominsAndTheWinterWonderland1-1-320x180.jpg 320w\" \/>\n\t\t<\/div>\n\t\t\t\t\t<\/div>\n\t[\/vc_column][vc_column width=&#8221;1\/3&#8243;]\t<div id=\"thb-image-69f36717bc51b\" class=\"caption-style1  alignleft full  thb_image_link wp-caption\">\n\t\t\t<div class=\"thb-image-inner size_100\">\n\t\t\t<img loading=\"lazy\" decoding=\"async\" width=\"1140\" height=\"641\" src=\"https:\/\/weihnachtsfilmfestival.de\/wp-content\/uploads\/2018\/11\/MoominsAndTheWinterWonderland2-1140x641.jpg\" class=\"thb_image   thb-ignore-lazyload attachment-large thb-lazyload lazyload\" alt=\"\" title=\"MoominsAndTheWinterWonderland2\" sizes=\"auto, (max-width: 1140px) 100vw, 1140px\" data-src=\"https:\/\/weihnachtsfilmfestival.de\/wp-content\/uploads\/2018\/11\/MoominsAndTheWinterWonderland2-1140x641.jpg\" data-sizes=\"auto\" data-srcset=\"https:\/\/weihnachtsfilmfestival.de\/wp-content\/uploads\/2018\/11\/MoominsAndTheWinterWonderland2-1140x641.jpg 1140w, https:\/\/weihnachtsfilmfestival.de\/wp-content\/uploads\/2018\/11\/MoominsAndTheWinterWonderland2-640x360.jpg 640w, https:\/\/weihnachtsfilmfestival.de\/wp-content\/uploads\/2018\/11\/MoominsAndTheWinterWonderland2-20x11.jpg 20w, https:\/\/weihnachtsfilmfestival.de\/wp-content\/uploads\/2018\/11\/MoominsAndTheWinterWonderland2-320x180.jpg 320w\" \/>\n\t\t<\/div>\n\t\t\t\t\t<\/div>\n\t[\/vc_column][vc_column width=&#8221;1\/3&#8243; offset=&#8221;vc_hidden-xs&#8221;]\t<div id=\"thb-image-69f36717bc734\" class=\"caption-style1  alignleft full  thb_image_link wp-caption\">\n\t\t\t<div class=\"thb-image-inner size_100\">\n\t\t\t<img loading=\"lazy\" decoding=\"async\" width=\"1140\" height=\"641\" src=\"https:\/\/weihnachtsfilmfestival.de\/wp-content\/uploads\/2018\/11\/MoominsAndTheWinterWonderland4-1140x641.jpg\" class=\"thb_image   thb-ignore-lazyload attachment-large thb-lazyload lazyload\" alt=\"\" title=\"MoominsAndTheWinterWonderland4\" sizes=\"auto, (max-width: 1140px) 100vw, 1140px\" data-src=\"https:\/\/weihnachtsfilmfestival.de\/wp-content\/uploads\/2018\/11\/MoominsAndTheWinterWonderland4-1140x641.jpg\" data-sizes=\"auto\" data-srcset=\"https:\/\/weihnachtsfilmfestival.de\/wp-content\/uploads\/2018\/11\/MoominsAndTheWinterWonderland4-1140x641.jpg 1140w, https:\/\/weihnachtsfilmfestival.de\/wp-content\/uploads\/2018\/11\/MoominsAndTheWinterWonderland4-640x360.jpg 640w, https:\/\/weihnachtsfilmfestival.de\/wp-content\/uploads\/2018\/11\/MoominsAndTheWinterWonderland4-20x11.jpg 20w, https:\/\/weihnachtsfilmfestival.de\/wp-content\/uploads\/2018\/11\/MoominsAndTheWinterWonderland4-320x180.jpg 320w\" \/>\n\t\t<\/div>\n\t\t\t\t\t<\/div>\n\t[\/vc_column][\/vc_row][vc_row thb_full_width=&#8221;true&#8221; thb_row_padding=&#8221;true&#8221; thb_column_padding=&#8221;true&#8221; thb_divider_position=&#8221;bottom&#8221;][vc_column][vc_row_inner thb_column_padding=&#8221;true&#8221; content_placement=&#8221;middle&#8221;][vc_column_inner width=&#8221;1\/2&#8243;][vc_video link=&#8221;https:\/\/vimeo.com\/244109495&#8243; el_class=&#8221;extramargin&#8221;][\/vc_column_inner][vc_column_inner width=&#8221;5\/12&#8243;][vc_column_text]\n<h5>Muumien taikatalvi \/ Moomins and the Winter Wonderland<\/h5>\n<p>Ira Carpelan, Jakub Wro\u0144ski | Animation | 83min | Finland, Poland 2017 | English OV<\/p>\n<p>The winter seems extraordinary in Moomin Valley so Moomintroll decides to stay awake instead of having his typical winter slumber. Moomintroll discovers that strange creatures wander amidst the snowdrifts in the midwinter darkness, and all the new hints imply that an eccentric guest is soon to arrive. This new guest is called Christmas and an astounded Moomintroll learns to experience the true meaning of this holiday.<\/p>\n<p>Monday, 24.12. | 14:30 Uhr[\/vc_column_text][\/vc_column_inner][vc_column_inner width=&#8221;1\/12&#8243;][\/vc_column_inner][\/vc_row_inner][\/vc_column][\/vc_row][vc_row thb_full_width=&#8221;true&#8221; thb_row_padding=&#8221;true&#8221; thb_column_padding=&#8221;true&#8221; thb_color=&#8221;light-title&#8221; thb_divider_position=&#8221;bottom&#8221;][vc_column width=&#8221;1\/3&#8243;]\t<div id=\"thb-image-69f36717bc94d\" class=\"caption-style1  alignleft full  thb_image_link wp-caption\">\n\t\t\t<div class=\"thb-image-inner size_100\">\n\t\t\t<img loading=\"lazy\" decoding=\"async\" width=\"1140\" height=\"641\" src=\"https:\/\/weihnachtsfilmfestival.de\/wp-content\/uploads\/2018\/11\/MoominsAndTheWinterWonderland3-1140x641.jpg\" class=\"thb_image   thb-ignore-lazyload attachment-large thb-lazyload lazyload\" alt=\"\" title=\"MoominsAndTheWinterWonderland3\" sizes=\"auto, (max-width: 1140px) 100vw, 1140px\" data-src=\"https:\/\/weihnachtsfilmfestival.de\/wp-content\/uploads\/2018\/11\/MoominsAndTheWinterWonderland3-1140x641.jpg\" data-sizes=\"auto\" data-srcset=\"https:\/\/weihnachtsfilmfestival.de\/wp-content\/uploads\/2018\/11\/MoominsAndTheWinterWonderland3-1140x641.jpg 1140w, https:\/\/weihnachtsfilmfestival.de\/wp-content\/uploads\/2018\/11\/MoominsAndTheWinterWonderland3-640x360.jpg 640w, https:\/\/weihnachtsfilmfestival.de\/wp-content\/uploads\/2018\/11\/MoominsAndTheWinterWonderland3-20x11.jpg 20w, https:\/\/weihnachtsfilmfestival.de\/wp-content\/uploads\/2018\/11\/MoominsAndTheWinterWonderland3-320x180.jpg 320w\" \/>\n\t\t<\/div>\n\t\t\t\t\t<\/div>\n\t[\/vc_column][vc_column width=&#8221;1\/3&#8243;]\t<div id=\"thb-image-69f36717bcb8e\" class=\"caption-style1  alignleft full  thb_image_link wp-caption\">\n\t\t\t<div class=\"thb-image-inner size_100\">\n\t\t\t<img loading=\"lazy\" decoding=\"async\" width=\"1140\" height=\"641\" src=\"https:\/\/weihnachtsfilmfestival.de\/wp-content\/uploads\/2018\/11\/MoominsAndTheWinterWonderland5-1140x641.jpg\" class=\"thb_image   thb-ignore-lazyload attachment-large thb-lazyload lazyload\" alt=\"\" title=\"MoominsAndTheWinterWonderland5\" sizes=\"auto, (max-width: 1140px) 100vw, 1140px\" data-src=\"https:\/\/weihnachtsfilmfestival.de\/wp-content\/uploads\/2018\/11\/MoominsAndTheWinterWonderland5-1140x641.jpg\" data-sizes=\"auto\" data-srcset=\"https:\/\/weihnachtsfilmfestival.de\/wp-content\/uploads\/2018\/11\/MoominsAndTheWinterWonderland5-1140x641.jpg 1140w, https:\/\/weihnachtsfilmfestival.de\/wp-content\/uploads\/2018\/11\/MoominsAndTheWinterWonderland5-640x360.jpg 640w, https:\/\/weihnachtsfilmfestival.de\/wp-content\/uploads\/2018\/11\/MoominsAndTheWinterWonderland5-20x11.jpg 20w, https:\/\/weihnachtsfilmfestival.de\/wp-content\/uploads\/2018\/11\/MoominsAndTheWinterWonderland5-320x180.jpg 320w\" \/>\n\t\t<\/div>\n\t\t\t\t\t<\/div>\n\t[\/vc_column][vc_column width=&#8221;1\/3&#8243;]\t<div id=\"thb-image-69f36717bcdfc\" class=\"caption-style1  alignleft full  thb_image_link wp-caption\">\n\t\t\t<div class=\"thb-image-inner size_100\">\n\t\t\t<img loading=\"lazy\" decoding=\"async\" width=\"1140\" height=\"641\" src=\"https:\/\/weihnachtsfilmfestival.de\/wp-content\/uploads\/2018\/11\/MoominsAndTheWinterWonderland6-1140x641.jpg\" class=\"thb_image   thb-ignore-lazyload attachment-large thb-lazyload lazyload\" alt=\"\" title=\"MoominsAndTheWinterWonderland6\" sizes=\"auto, (max-width: 1140px) 100vw, 1140px\" data-src=\"https:\/\/weihnachtsfilmfestival.de\/wp-content\/uploads\/2018\/11\/MoominsAndTheWinterWonderland6-1140x641.jpg\" data-sizes=\"auto\" data-srcset=\"https:\/\/weihnachtsfilmfestival.de\/wp-content\/uploads\/2018\/11\/MoominsAndTheWinterWonderland6-1140x641.jpg 1140w, https:\/\/weihnachtsfilmfestival.de\/wp-content\/uploads\/2018\/11\/MoominsAndTheWinterWonderland6-640x360.jpg 640w, https:\/\/weihnachtsfilmfestival.de\/wp-content\/uploads\/2018\/11\/MoominsAndTheWinterWonderland6-20x11.jpg 20w, https:\/\/weihnachtsfilmfestival.de\/wp-content\/uploads\/2018\/11\/MoominsAndTheWinterWonderland6-320x180.jpg 320w\" \/>\n\t\t<\/div>\n\t\t\t\t\t<\/div>\n\t[\/vc_column][\/vc_row][vc_row thb_full_width=&#8221;true&#8221; thb_row_padding=&#8221;true&#8221; thb_column_padding=&#8221;true&#8221; thb_color=&#8221;light-title&#8221; thb_divider_position=&#8221;bottom&#8221;][vc_column][vc_row_inner thb_column_padding=&#8221;true&#8221; content_placement=&#8221;middle&#8221;][vc_column_inner width=&#8221;1\/3&#8243;][vc_column_text]\n<p style=\"text-align: center;\">Voices:<br \/>\nAlicia Vikander<br \/>\nBill Skarsg\u00e5rd<br \/>\nStellan Skarsg\u00e5rd<\/p>\n[\/vc_column_text][\/vc_column_inner][vc_column_inner thb_color=&#8221;thb-light-column&#8221; width=&#8221;1\/3&#8243;][vc_single_image image=&#8221;3409&#8243; img_size=&#8221;large&#8221; alignment=&#8221;center&#8221; el_class=&#8221;extramargin&#8221;][\/vc_column_inner][vc_column_inner width=&#8221;1\/3&#8243;][vc_column_text]\n<p style=\"text-align: center;\">Directors: Jakub Wro\u0144ski, Ira Carpelan<br \/>\nWriters: Ma\u0142gorzata Wi\u0119ckowicz-\u017by\u0142a, Piotr Szczepanowicz, Ira Carpelan<br \/>\nEditor: Przemys\u0142aw Chru\u015bcielewski<br \/>\nMusic: \u0141ukasz Targosz<br \/>\nProducer: Tom Carpelan, Ira Carpelan<br \/>\nCo-Producer: Grzegorz Wac\u0142awek, Piotr Szczepanowicz<br \/>\nExecutive Producer: Tom Carpela<\/p>\n<p style=\"text-align: center;\">Production:\u00a0Filmkompaniet, Animoon<br \/>\nDistribution:\u00a0Global Genesis Group<\/p>\n[\/vc_column_text][\/vc_column_inner][\/vc_row_inner][\/vc_column][\/vc_row]\n<\/div>","protected":false},"excerpt":{"rendered":"<p>[vc_row thb_full_width=&#8221;true&#8221; thb_row_padding=&#8221;true&#8221; thb_column_padding=&#8221;true&#8221; thb_color=&#8221;light-title&#8221; thb_divider_position=&#8221;bottom&#8221;][vc_column thb_color=&#8221;thb-light-column&#8221; el_class=&#8221;farbe1&#8243;][vc_column_text] Muumien taikatalvi \/ Moomins and the Winter Wonderland [\/vc_column_text][\/vc_column][\/vc_row][vc_row thb_full_width=&#8221;true&#8221; thb_row_padding=&#8221;true&#8221; thb_column_padding=&#8221;true&#8221; thb_color=&#8221;light-title&#8221; thb_divider_position=&#8221;bottom&#8221;][vc_column width=&#8221;1\/3&#8243; offset=&#8221;vc_hidden-xs&#8221;][\/vc_column][vc_column width=&#8221;1\/3&#8243;][\/vc_column][vc_column width=&#8221;1\/3&#8243; offset=&#8221;vc_hidden-xs&#8221;][\/vc_column][\/vc_row][vc_row thb_full_width=&#8221;true&#8221; thb_row_padding=&#8221;true&#8221; thb_column_padding=&#8221;true&#8221; thb_divider_position=&#8221;bottom&#8221;][vc_column][vc_row_inner thb_column_padding=&#8221;true&#8221; content_placement=&#8221;middle&#8221;][vc_column_inner width=&#8221;1\/2&#8243;][vc_video link=&#8221;https:\/\/vimeo.com\/244109495&#8243; el_class=&#8221;extramargin&#8221;][\/vc_column_inner][vc_column_inner width=&#8221;5\/12&#8243;][vc_column_text] Muumien taikatalvi \/ Moomins and the Winter Wonderland Ira Carpelan, Jakub Wro\u0144ski | Animation | 83min | Finland,&hellip;<\/p>\n","protected":false},"author":1,"featured_media":3175,"parent":3142,"menu_order":0,"comment_status":"closed","ping_status":"closed","template":"","meta":{"footnotes":""},"class_list":["post-3408","page","type-page","status-publish","has-post-thumbnail","hentry"],"aioseo_notices":[],"_links":{"self":[{"href":"https:\/\/weihnachtsfilmfestival.de\/en\/wp-json\/wp\/v2\/pages\/3408","targetHints":{"allow":["GET"]}}],"collection":[{"href":"https:\/\/weihnachtsfilmfestival.de\/en\/wp-json\/wp\/v2\/pages"}],"about":[{"href":"https:\/\/weihnachtsfilmfestival.de\/en\/wp-json\/wp\/v2\/types\/page"}],"author":[{"embeddable":true,"href":"https:\/\/weihnachtsfilmfestival.de\/en\/wp-json\/wp\/v2\/users\/1"}],"replies":[{"embeddable":true,"href":"https:\/\/weihnachtsfilmfestival.de\/en\/wp-json\/wp\/v2\/comments?post=3408"}],"version-history":[{"count":10,"href":"https:\/\/weihnachtsfilmfestival.de\/en\/wp-json\/wp\/v2\/pages\/3408\/revisions"}],"predecessor-version":[{"id":3686,"href":"https:\/\/weihnachtsfilmfestival.de\/en\/wp-json\/wp\/v2\/pages\/3408\/revisions\/3686"}],"up":[{"embeddable":true,"href":"https:\/\/weihnachtsfilmfestival.de\/en\/wp-json\/wp\/v2\/pages\/3142"}],"wp:featuredmedia":[{"embeddable":true,"href":"https:\/\/weihnachtsfilmfestival.de\/en\/wp-json\/wp\/v2\/media\/3175"}],"wp:attachment":[{"href":"https:\/\/weihnachtsfilmfestival.de\/en\/wp-json\/wp\/v2\/media?parent=3408"}],"curies":[{"name":"wp","href":"https:\/\/api.w.org\/{rel}","templated":true}]}}