{"id":3909,"date":"2019-11-10T23:15:19","date_gmt":"2019-11-10T23:15:19","guid":{"rendered":"http:\/\/weihnachtsfilmfestival.de\/?page_id=3909"},"modified":"2020-01-27T20:04:25","modified_gmt":"2020-01-27T20:04:25","slug":"santaclausisastinker","status":"publish","type":"page","link":"https:\/\/weihnachtsfilmfestival.de\/en\/wff2019\/santaclausisastinker","title":{"rendered":"Le p\u00e8re No\u00ebl est une ordure \/ Santa Claus is a Stinker"},"content":{"rendered":"<div class=\"wpb-content-wrapper\">[vc_row thb_full_width=&#8221;true&#8221; thb_row_padding=&#8221;true&#8221; thb_column_padding=&#8221;true&#8221; thb_color=&#8221;light-title&#8221; thb_divider_position=&#8221;bottom&#8221;][vc_column thb_color=&#8221;thb-light-column&#8221; el_class=&#8221;farbe1&#8243;][vc_column_text]\n<h1 style=\"text-align: center;\">Le p\u00e8re No\u00ebl est une ordure \/ Santa Claus is a Stinker<\/h1>\n[\/vc_column_text][\/vc_column][\/vc_row][vc_row thb_full_width=&#8221;true&#8221; thb_row_padding=&#8221;true&#8221; thb_column_padding=&#8221;true&#8221; thb_color=&#8221;light-title&#8221; thb_divider_position=&#8221;bottom&#8221;][vc_column width=&#8221;1\/3&#8243; offset=&#8221;vc_hidden-xs&#8221;]\t<div id=\"thb-image-69f55055388a2\" class=\"caption-style1  alignleft full  thb_image_link wp-caption\">\n\t\t\t<div class=\"thb-image-inner size_100\">\n\t\t\t<img loading=\"lazy\" decoding=\"async\" width=\"1140\" height=\"641\" src=\"https:\/\/weihnachtsfilmfestival.de\/wp-content\/uploads\/2019\/11\/SantaClausIsAStinker01-1140x641.jpg\" class=\"thb_image   thb-ignore-lazyload attachment-large thb-lazyload lazyload\" alt=\"\" title=\"SantaClausIsAStinker01\" sizes=\"auto, (max-width: 1140px) 100vw, 1140px\" data-src=\"https:\/\/weihnachtsfilmfestival.de\/wp-content\/uploads\/2019\/11\/SantaClausIsAStinker01-1140x641.jpg\" data-sizes=\"auto\" data-srcset=\"https:\/\/weihnachtsfilmfestival.de\/wp-content\/uploads\/2019\/11\/SantaClausIsAStinker01-1140x641.jpg 1140w, https:\/\/weihnachtsfilmfestival.de\/wp-content\/uploads\/2019\/11\/SantaClausIsAStinker01-640x360.jpg 640w, https:\/\/weihnachtsfilmfestival.de\/wp-content\/uploads\/2019\/11\/SantaClausIsAStinker01-20x11.jpg 20w, https:\/\/weihnachtsfilmfestival.de\/wp-content\/uploads\/2019\/11\/SantaClausIsAStinker01-320x180.jpg 320w\" \/>\n\t\t<\/div>\n\t\t\t\t\t<\/div>\n\t[\/vc_column][vc_column width=&#8221;1\/3&#8243; offset=&#8221;vc_hidden-xs&#8221;]\t<div id=\"thb-image-69f5505538a88\" class=\"caption-style1  alignleft full  thb_image_link wp-caption\">\n\t\t\t<div class=\"thb-image-inner size_100\">\n\t\t\t<img loading=\"lazy\" decoding=\"async\" width=\"1140\" height=\"641\" src=\"https:\/\/weihnachtsfilmfestival.de\/wp-content\/uploads\/2019\/11\/SantaClausIsAStinker02-1140x641.jpg\" class=\"thb_image   thb-ignore-lazyload attachment-large thb-lazyload lazyload\" alt=\"\" title=\"SantaClausIsAStinker02\" sizes=\"auto, (max-width: 1140px) 100vw, 1140px\" data-src=\"https:\/\/weihnachtsfilmfestival.de\/wp-content\/uploads\/2019\/11\/SantaClausIsAStinker02-1140x641.jpg\" data-sizes=\"auto\" data-srcset=\"https:\/\/weihnachtsfilmfestival.de\/wp-content\/uploads\/2019\/11\/SantaClausIsAStinker02-1140x641.jpg 1140w, https:\/\/weihnachtsfilmfestival.de\/wp-content\/uploads\/2019\/11\/SantaClausIsAStinker02-640x360.jpg 640w, https:\/\/weihnachtsfilmfestival.de\/wp-content\/uploads\/2019\/11\/SantaClausIsAStinker02-20x11.jpg 20w, https:\/\/weihnachtsfilmfestival.de\/wp-content\/uploads\/2019\/11\/SantaClausIsAStinker02-320x180.jpg 320w\" \/>\n\t\t<\/div>\n\t\t\t\t\t<\/div>\n\t[\/vc_column][vc_column width=&#8221;1\/3&#8243; offset=&#8221;vc_hidden-xs&#8221;]\t<div id=\"thb-image-69f5505538c62\" class=\"caption-style1  alignleft full  thb_image_link wp-caption\">\n\t\t\t<div class=\"thb-image-inner size_100\">\n\t\t\t<img loading=\"lazy\" decoding=\"async\" width=\"1140\" height=\"641\" src=\"https:\/\/weihnachtsfilmfestival.de\/wp-content\/uploads\/2019\/11\/SantaClausIsAStinker03-1140x641.jpg\" class=\"thb_image   thb-ignore-lazyload attachment-large thb-lazyload lazyload\" alt=\"\" title=\"SantaClausIsAStinker03\" sizes=\"auto, (max-width: 1140px) 100vw, 1140px\" data-src=\"https:\/\/weihnachtsfilmfestival.de\/wp-content\/uploads\/2019\/11\/SantaClausIsAStinker03-1140x641.jpg\" data-sizes=\"auto\" data-srcset=\"https:\/\/weihnachtsfilmfestival.de\/wp-content\/uploads\/2019\/11\/SantaClausIsAStinker03-1140x641.jpg 1140w, https:\/\/weihnachtsfilmfestival.de\/wp-content\/uploads\/2019\/11\/SantaClausIsAStinker03-640x360.jpg 640w, https:\/\/weihnachtsfilmfestival.de\/wp-content\/uploads\/2019\/11\/SantaClausIsAStinker03-20x11.jpg 20w, https:\/\/weihnachtsfilmfestival.de\/wp-content\/uploads\/2019\/11\/SantaClausIsAStinker03-320x180.jpg 320w\" \/>\n\t\t<\/div>\n\t\t\t\t\t<\/div>\n\t[\/vc_column][\/vc_row][vc_row thb_full_width=&#8221;true&#8221; thb_row_padding=&#8221;true&#8221; thb_column_padding=&#8221;true&#8221; thb_divider_position=&#8221;bottom&#8221;][vc_column][vc_row_inner thb_column_padding=&#8221;true&#8221; content_placement=&#8221;middle&#8221;][vc_column_inner width=&#8221;1\/2&#8243;][vc_video link=&#8221;https:\/\/youtu.be\/WBG5W0tisxw&#8221; el_class=&#8221;extramargin&#8221;][\/vc_column_inner][vc_column_inner width=&#8221;5\/12&#8243;][vc_column_text]\n<h5>Le p\u00e8re No\u00ebl est une ordure \/ Santa Claus is a Stinker<\/h5>\n<p>Jean-Marie Poir\u00e9 | Satire | 90min | France 1982 | OmeU<br \/>\n<em>&#8216;SNOWS OF YESTERYEAR&#8217; SPECIAL<\/em><\/p>\n<p>At the Paris office of a telephone helpline for depressed people on Christmas Eve Th\u00e9r\u00e8se and Pierre are on duty. They try to listen to the lonely callers&#8217; sorrows and to help. It&#8217;s not prohibited however to let them come by in person. When they make an exception to this rule, a turbulent night begins in which an irascible Santa Claus brings no gifts, but only problems. Even the Bulgarian neighbour with his traditional pastries doesn&#8217;t help much.<\/p>\n<p>Sunday, 22.12. | 21:00 Uhr[\/vc_column_text][\/vc_column_inner][vc_column_inner width=&#8221;1\/12&#8243;][\/vc_column_inner][\/vc_row_inner][\/vc_column][\/vc_row][vc_row thb_full_width=&#8221;true&#8221; thb_row_padding=&#8221;true&#8221; thb_column_padding=&#8221;true&#8221; thb_color=&#8221;light-title&#8221; thb_divider_position=&#8221;bottom&#8221;][vc_column width=&#8221;1\/3&#8243; offset=&#8221;vc_hidden-xs&#8221;]\t<div id=\"thb-image-69f5505538e7d\" class=\"caption-style1  alignleft full  thb_image_link wp-caption\">\n\t\t\t<div class=\"thb-image-inner size_100\">\n\t\t\t<img loading=\"lazy\" decoding=\"async\" width=\"1140\" height=\"641\" src=\"https:\/\/weihnachtsfilmfestival.de\/wp-content\/uploads\/2019\/11\/SantaClausIsAStinker05-1140x641.jpg\" class=\"thb_image   thb-ignore-lazyload attachment-large thb-lazyload lazyload\" alt=\"\" title=\"SantaClausIsAStinker05\" sizes=\"auto, (max-width: 1140px) 100vw, 1140px\" data-src=\"https:\/\/weihnachtsfilmfestival.de\/wp-content\/uploads\/2019\/11\/SantaClausIsAStinker05-1140x641.jpg\" data-sizes=\"auto\" data-srcset=\"https:\/\/weihnachtsfilmfestival.de\/wp-content\/uploads\/2019\/11\/SantaClausIsAStinker05-1140x641.jpg 1140w, https:\/\/weihnachtsfilmfestival.de\/wp-content\/uploads\/2019\/11\/SantaClausIsAStinker05-640x360.jpg 640w, https:\/\/weihnachtsfilmfestival.de\/wp-content\/uploads\/2019\/11\/SantaClausIsAStinker05-20x11.jpg 20w, https:\/\/weihnachtsfilmfestival.de\/wp-content\/uploads\/2019\/11\/SantaClausIsAStinker05-320x180.jpg 320w\" \/>\n\t\t<\/div>\n\t\t\t\t\t<\/div>\n\t[\/vc_column][vc_column width=&#8221;1\/3&#8243; offset=&#8221;vc_hidden-xs&#8221;]\t<div id=\"thb-image-69f5505539063\" class=\"caption-style1  alignleft full  thb_image_link wp-caption\">\n\t\t\t<div class=\"thb-image-inner size_100\">\n\t\t\t<img loading=\"lazy\" decoding=\"async\" width=\"1140\" height=\"641\" src=\"https:\/\/weihnachtsfilmfestival.de\/wp-content\/uploads\/2019\/11\/SantaClausIsAStinker10-1140x641.jpg\" class=\"thb_image   thb-ignore-lazyload attachment-large thb-lazyload lazyload\" alt=\"\" title=\"SantaClausIsAStinker10\" sizes=\"auto, (max-width: 1140px) 100vw, 1140px\" data-src=\"https:\/\/weihnachtsfilmfestival.de\/wp-content\/uploads\/2019\/11\/SantaClausIsAStinker10-1140x641.jpg\" data-sizes=\"auto\" data-srcset=\"https:\/\/weihnachtsfilmfestival.de\/wp-content\/uploads\/2019\/11\/SantaClausIsAStinker10-1140x641.jpg 1140w, https:\/\/weihnachtsfilmfestival.de\/wp-content\/uploads\/2019\/11\/SantaClausIsAStinker10-640x360.jpg 640w, https:\/\/weihnachtsfilmfestival.de\/wp-content\/uploads\/2019\/11\/SantaClausIsAStinker10-20x11.jpg 20w, https:\/\/weihnachtsfilmfestival.de\/wp-content\/uploads\/2019\/11\/SantaClausIsAStinker10-320x180.jpg 320w\" \/>\n\t\t<\/div>\n\t\t\t\t\t<\/div>\n\t[\/vc_column][vc_column width=&#8221;1\/3&#8243;]\t<div id=\"thb-image-69f550553923e\" class=\"caption-style1  alignleft full  thb_image_link wp-caption\">\n\t\t\t<div class=\"thb-image-inner size_100\">\n\t\t\t<img loading=\"lazy\" decoding=\"async\" width=\"1140\" height=\"641\" src=\"https:\/\/weihnachtsfilmfestival.de\/wp-content\/uploads\/2019\/11\/SantaClausIsAStinker09-1140x641.jpg\" class=\"thb_image   thb-ignore-lazyload attachment-large thb-lazyload lazyload\" alt=\"\" title=\"SantaClausIsAStinker09\" sizes=\"auto, (max-width: 1140px) 100vw, 1140px\" data-src=\"https:\/\/weihnachtsfilmfestival.de\/wp-content\/uploads\/2019\/11\/SantaClausIsAStinker09-1140x641.jpg\" data-sizes=\"auto\" data-srcset=\"https:\/\/weihnachtsfilmfestival.de\/wp-content\/uploads\/2019\/11\/SantaClausIsAStinker09-1140x641.jpg 1140w, https:\/\/weihnachtsfilmfestival.de\/wp-content\/uploads\/2019\/11\/SantaClausIsAStinker09-640x360.jpg 640w, https:\/\/weihnachtsfilmfestival.de\/wp-content\/uploads\/2019\/11\/SantaClausIsAStinker09-20x11.jpg 20w, https:\/\/weihnachtsfilmfestival.de\/wp-content\/uploads\/2019\/11\/SantaClausIsAStinker09-320x180.jpg 320w\" \/>\n\t\t<\/div>\n\t\t\t\t\t<\/div>\n\t[\/vc_column][\/vc_row][vc_row thb_full_width=&#8221;true&#8221; thb_row_padding=&#8221;true&#8221; thb_column_padding=&#8221;true&#8221; thb_color=&#8221;light-title&#8221; thb_divider_position=&#8221;bottom&#8221;][vc_column][vc_row_inner thb_column_padding=&#8221;true&#8221; content_placement=&#8221;middle&#8221;][vc_column_inner width=&#8221;1\/3&#8243;][vc_column_text]\n<p style=\"text-align: center;\">Th\u00e9r\u00e8se: An\u00e9mone<br \/>\nPierre Mortez: Thierry Lhermitte<br \/>\nJosette: Marie-Anne Chazel<br \/>\nF\u00e9lix: G\u00e9rard Jugnot<br \/>\nKatia: Christian Clavier<br \/>\nMadame Musquin: Josiane Balasko<br \/>\nPreskovic: Bruno Moynot<br \/>\nThe Pharmacist: Jacques Fran\u00e7ois<br \/>\nMonsieur Lebl\u00e9: Martin Lamotte<\/p>\n[\/vc_column_text][\/vc_column_inner][vc_column_inner thb_color=&#8221;thb-light-column&#8221; width=&#8221;1\/3&#8243;][vc_single_image image=&#8221;3910&#8243; img_size=&#8221;large&#8221; alignment=&#8221;center&#8221; el_class=&#8221;extramargin&#8221;][\/vc_column_inner][vc_column_inner width=&#8221;1\/3&#8243;][vc_column_text]\n<p style=\"text-align: center;\">Director: Jean-Marie Poir\u00e9<br \/>\nWriters: Josiane Balasko, Marie-Anne Chazel, Christian Clavier, G\u00e9rard Jugnot, Thierry Lhermitte, Bruno Moynot, Jean-Marie Poir\u00e9<br \/>\nDoP: Robert Alazraki<br \/>\nEditor: Catherine Kelber<br \/>\nSound: Pierre Lenoir<br \/>\nMusic: Vladimir Cosma<br \/>\nProduction Design: Marc Fr\u00e9d\u00e9rix, Willy Holt<br \/>\nCostume Design: C\u00e9cile Magnan<br \/>\nProducer: Yves Rousset-Rouard<br \/>\nExecutive Producer: Christian Ferry<\/p>\n<p style=\"text-align: center;\">Production: Trinacra Films, Films A2, Les Films du Splendid<br \/>\nDistribution: StudioCanal<\/p>\n[\/vc_column_text][\/vc_column_inner][\/vc_row_inner][\/vc_column][\/vc_row]\n<\/div>","protected":false},"excerpt":{"rendered":"<p>[vc_row thb_full_width=&#8221;true&#8221; thb_row_padding=&#8221;true&#8221; thb_column_padding=&#8221;true&#8221; thb_color=&#8221;light-title&#8221; thb_divider_position=&#8221;bottom&#8221;][vc_column thb_color=&#8221;thb-light-column&#8221; el_class=&#8221;farbe1&#8243;][vc_column_text] Le p\u00e8re No\u00ebl est une ordure \/ Santa Claus is a Stinker [\/vc_column_text][\/vc_column][\/vc_row][vc_row thb_full_width=&#8221;true&#8221; thb_row_padding=&#8221;true&#8221; thb_column_padding=&#8221;true&#8221; thb_color=&#8221;light-title&#8221; thb_divider_position=&#8221;bottom&#8221;][vc_column width=&#8221;1\/3&#8243; offset=&#8221;vc_hidden-xs&#8221;][\/vc_column][vc_column width=&#8221;1\/3&#8243; offset=&#8221;vc_hidden-xs&#8221;][\/vc_column][vc_column width=&#8221;1\/3&#8243; offset=&#8221;vc_hidden-xs&#8221;][\/vc_column][\/vc_row][vc_row thb_full_width=&#8221;true&#8221; thb_row_padding=&#8221;true&#8221; thb_column_padding=&#8221;true&#8221; thb_divider_position=&#8221;bottom&#8221;][vc_column][vc_row_inner thb_column_padding=&#8221;true&#8221; content_placement=&#8221;middle&#8221;][vc_column_inner width=&#8221;1\/2&#8243;][vc_video link=&#8221;https:\/\/youtu.be\/WBG5W0tisxw&#8221; el_class=&#8221;extramargin&#8221;][\/vc_column_inner][vc_column_inner width=&#8221;5\/12&#8243;][vc_column_text] Le p\u00e8re No\u00ebl est une ordure \/ Santa Claus is a Stinker Jean-Marie&hellip;<\/p>\n","protected":false},"author":1,"featured_media":4058,"parent":4047,"menu_order":0,"comment_status":"closed","ping_status":"closed","template":"","meta":{"footnotes":""},"class_list":["post-3909","page","type-page","status-publish","has-post-thumbnail","hentry"],"aioseo_notices":[],"_links":{"self":[{"href":"https:\/\/weihnachtsfilmfestival.de\/en\/wp-json\/wp\/v2\/pages\/3909","targetHints":{"allow":["GET"]}}],"collection":[{"href":"https:\/\/weihnachtsfilmfestival.de\/en\/wp-json\/wp\/v2\/pages"}],"about":[{"href":"https:\/\/weihnachtsfilmfestival.de\/en\/wp-json\/wp\/v2\/types\/page"}],"author":[{"embeddable":true,"href":"https:\/\/weihnachtsfilmfestival.de\/en\/wp-json\/wp\/v2\/users\/1"}],"replies":[{"embeddable":true,"href":"https:\/\/weihnachtsfilmfestival.de\/en\/wp-json\/wp\/v2\/comments?post=3909"}],"version-history":[{"count":15,"href":"https:\/\/weihnachtsfilmfestival.de\/en\/wp-json\/wp\/v2\/pages\/3909\/revisions"}],"predecessor-version":[{"id":4365,"href":"https:\/\/weihnachtsfilmfestival.de\/en\/wp-json\/wp\/v2\/pages\/3909\/revisions\/4365"}],"up":[{"embeddable":true,"href":"https:\/\/weihnachtsfilmfestival.de\/en\/wp-json\/wp\/v2\/pages\/4047"}],"wp:featuredmedia":[{"embeddable":true,"href":"https:\/\/weihnachtsfilmfestival.de\/en\/wp-json\/wp\/v2\/media\/4058"}],"wp:attachment":[{"href":"https:\/\/weihnachtsfilmfestival.de\/en\/wp-json\/wp\/v2\/media?parent=3909"}],"curies":[{"name":"wp","href":"https:\/\/api.w.org\/{rel}","templated":true}]}}